{"id":7,"date":"2019-02-28T17:27:47","date_gmt":"2019-02-28T17:27:47","guid":{"rendered":"http:\/\/mmakler.de\/?page_id=7"},"modified":"2021-01-20T22:20:10","modified_gmt":"2021-01-20T22:20:10","slug":"datenschutzerklaerung","status":"publish","type":"page","link":"http:\/\/mmakler.de\/?page_id=7","title":{"rendered":"Datenschutzerkl\u00e4rung"},"content":{"rendered":"\n<figure class=\"wp-block-image\"><img loading=\"lazy\" width=\"768\" height=\"1024\" src=\"http:\/\/mmakler.de\/wp-content\/uploads\/2019\/07\/20180812_195939-768x1024.jpg\" alt=\"\" class=\"wp-image-136\" srcset=\"http:\/\/mmakler.de\/wp-content\/uploads\/2019\/07\/20180812_195939-768x1024.jpg 768w, http:\/\/mmakler.de\/wp-content\/uploads\/2019\/07\/20180812_195939-225x300.jpg 225w\" sizes=\"(max-width: 767px) 89vw, (max-width: 1000px) 54vw, (max-width: 1071px) 543px, 580px\" \/><\/figure>\n\n\n\n<h4><strong>der MS Richter UG (haftungsbeschr\u00e4nkt)<\/strong><\/h4>\n\n\n\n<p>Winklerstr. 16<br>09669 Frankenberg<\/p>\n\n\n\n<p>Telefon: 037206 569 406<br>Telefax: 037206 569 064<\/p>\n\n\n\n<p>Mobil: 0172 982 5901<br><a href=\"mailto:kontakt@makler2018.de\">kontakt@makler2018.de<\/a><\/p>\n\n\n\n<p>Soweit wir nach Ma\u00dfgabe der Art. 37 \u2013 39 DSGVO\/ \u00a7 38 BDSG neu einen\u00a0<strong>Datenschutzbeauftragten<\/strong>\u00a0benannt haben, handelt es sich um Mario Richter, Winklerstr. 16<br>09669 Frankenberg, Telefon: 037206 569 406, Email: msrichterug@web.de<\/p>\n\n\n\n<p>Dieser nimmt die ihm aus dieser Richtlinie zugewiesenen Aufgaben bei weisungsfreier Anwendung seiner Fachkunde wahr. F\u00fcr Meldungen, Ausk\u00fcnfte etc. gegen\u00fcber den Datenschutzaufsichtsbeh\u00f6rden ist der DSB zust\u00e4ndig.<br>Die Unternehmensabteilungen stellen die hierf\u00fcr erforderlichen Informationen, Unterlagen etc. zur Verf\u00fcgung. Gleiches gilt f\u00fcr Anfragen, Beschwerden oder Auskunftsersuchen.<br>Jeder Mitarbeiter unseres Unternehmens kann sich unmittelbar mit Hinweisen, Anregungen oder Beschwerden an den DSB wenden, auf Wunsch wird absolute Vertraulichkeit gewahrt.<\/p>\n\n\n\n<p>Sie haben&nbsp;<strong>Beschwerderecht<\/strong>&nbsp;bei der Aufsichtsbeh\u00f6rde, in deren Bundesland das Unternehmen seinen Sitz hat. F\u00fcr unser Unternehmen ist dies:<\/p>\n\n\n\n<p>der S\u00e4chsische Datenschutzbeauftragte<br>Bernhard-von-Lindenau-Platz 1, 01067 Dresden<br>Tel.&nbsp;<a href=\"tel:+493514935401\">0351 493-5401<\/a><br>Fax 0351 493-5490<br><a href=\"http:\/\/www.datenschutz.sachsen.de\/\">http:\/\/www.datenschutz.sachsen.de<\/a><\/p>\n\n\n\n<p>Eine Daten\u00fcbermittlung findet an Versicherer\/ Dienstleister statt, um den von Ihnen gew\u00fcnschten Versicherungsschutz einzudecken. Des Weiteren an \u00f6ffentliche Stellen und Institutionen, sofern eine gesetzliche Verpflichtung besteht. Eine \u00dcbersicht \u00fcber die vorgestellten Gesch\u00e4ftspartner sowie Versicherer h\u00e4ndigen wir auf Wunsch aus.<\/p>\n\n\n\n<ol><li><strong>Geltungsbereich<\/strong><\/li><\/ol>\n\n\n\n<p>Diese Richtlinie regelt die datenschutzkonforme Informationsverarbeitung und die entsprechenden Verantwortlichkeiten beim obengenannten Unternehmen (und seiner\/n Niederlassung\/en) auf Basis der gesetzlichen Regelungen der Europ\u00e4ischen Datenschutz-Grundverordnung (DSGVO) und Bundesdatenschutzgesetz (BDSG neu). Alle Mitarbeiter sind zur Einhaltung dieser Richtlinie verpflichtet.<\/p>\n\n\n\n<p>Sie richtet sich insbesondere an:<\/p>\n\n\n\n<p>Mitarbeiter, Kunden und Interessenten, Versicherer und Dienstleister.<\/p>\n\n\n\n<p>Hierbei gelten folgende Grunds\u00e4tze:<\/p>\n\n\n\n<ul><li>Wahrung der Pers\u00f6nlichkeitsrechte<\/li><li>Zweckbindung personenbezogener Daten<\/li><li>Transparenz<\/li><li>Datenvermeidung und Datensparsamkeit<\/li><li>Sachliche Richtigkeit\/Aktualit\u00e4t der Daten<\/li><li>Vertraulichkeit bei der Datenverarbeitung<\/li><li>Sicherheit bei der Datenverarbeitung<\/li><li>L\u00f6schung und Einschr\u00e4nkung der Verarbeitung von Daten auf Anforderung.<\/li><\/ul>\n\n\n\n<ol><li><strong>Begriffsdefinitionen (Art. 4 DSGVO)<\/strong><\/li><\/ol>\n\n\n\n<p>Personenbezogene Daten sind Einzelangaben \u00fcber pers\u00f6nliche oder sachliche Verh\u00e4ltnisse einer nat\u00fcrlichen Person (Betroffener). Beispiele: Name, Vorname, Geburtstag, Adressdaten, Vertragsdaten, E-Mail-Inhalte.<br>Besondere personenbezogene Daten sind Angaben \u00fcber rassische, ethnische Herkunft, politische Meinungen, religi\u00f6se oder philosophische \u00dcberzeugungen, Gewerkschaftszugeh\u00f6rigkeit, Gesundheit oder Sexualleben, sowie wirtschaftliche Verh\u00e4ltnisse.<\/p>\n\n\n\n<p>Verantwortliche Stelle ist jede Person oder Stelle, die personenbezogene Daten f\u00fcr sich selbst erhebt, verarbeitet oder nutzt oder dies durch andere im Auftrag vornehmen l\u00e4sst.<\/p>\n\n\n\n<ol><li><strong>Erheben, Verarbeiten und Speichern personenbezogener Daten (Art.5 + 6 DSGVO)<\/strong><\/li><\/ol>\n\n\n\n<p>Das Erheben, Verarbeiten und Speichern personenbezogener Daten in unserem Unternehmen geschieht auf Basis des von uns verwendeten Maklerauftrages und den mitgeltenden Dokumenten (wie z.B. Maklervollmacht, Einwilligung zur Datenverarbeitung, die separat unterzeichnet werden).<br>Ohne eine konkrete Beauftragung und eine datenschutzrechtliche Einwilligungserkl\u00e4rung durch unsere Kunden werden wir nicht t\u00e4tig (bei Kindern und Jugendlichen wird die Einwilligung durch die Erziehungsberechtigten erteilt).<br>Wir dokumentieren unsere T\u00e4tigkeit umf\u00e4nglich \u00fcber unser Maklerverwaltungsprogramm und halten konkrete Verfahrensanweisungen f\u00fcr die Ausf\u00fchrung unserer Auftr\u00e4ge vor. Profiling findet in unserem Unternehmen nicht statt. Die Daten werden ausschlie\u00dflich zu den vereinbarten Zwecken verarbeitet.<\/p>\n\n\n\n<p>Die Daten unserer Kunden werden nach K\u00fcndigung des Maklervertrages nach den gesetzlichen Vorgaben, insbesondere der Bestimmungen zu gesetzlichen Aufbewahrungs-fristen gel\u00f6scht. Die Fristen k\u00f6nnen zur Verteidigung von m\u00f6glichen Rechtsanspr\u00fcchen entsprechend verl\u00e4ngert werden. An Stelle der L\u00f6schung tritt die Einschr\u00e4nkung der Verarbeitung.<\/p>\n\n\n\n<ol><li><strong>Verpflichtung auf Vertraulichkeit<\/strong><\/li><\/ol>\n\n\n\n<p>Alle Mitarbeiter werden bei der Aufnahme ihrer T\u00e4tigkeit zur Verschwiegenheit und der Einhaltung der Arbeitsanweisungen sowie dieser Richtlinie verpflichtet. Die Verpflichtung wird j\u00e4hrlich erneuert.<\/p>\n\n\n\n<ol><li><strong>Verarbeitungs\u00fcbersichten (Art. 30 DSGVO)<\/strong><\/li><\/ol>\n\n\n\n<p>Mittels interner Verfahrens\u00fcbersichten (Verzeichnis der Verarbeitungst\u00e4tigkeiten) schaffen wir Transparenz innerhalb des Unternehmens und \u00fcberpr\u00fcfen, ob unsere Verfahren besondere Risiken f\u00fcr die Rechte und Freiheiten der Betroffenen aufweisen und damit einer Vorabkontrolle\/ Datenschutz-Folgeabsch\u00e4tzung unterliegen. Es besteht die Verpflichtung, diese \u00dcbersichten vorzuhalten f\u00fcr eine Einsichtnahme durch die Beh\u00f6rden.<\/p>\n\n\n\n<ol><li><strong>Beschaffung von Hard- und Software<\/strong><\/li><\/ol>\n\n\n\n<p>S\u00e4mtliche f\u00fcr unsere Arbeitsabl\u00e4ufe notwendige Hardware (Rechner, Bildschirme, Tastatur, Maus und Peripherieger\u00e4te wie Scanner oder Drucker) wird nach internen Richtlinien gesteuert. Die Rechner werden f\u00fcr die Mitarbeiter bereits konfiguriert und mit den entsprechenden Programmen, die wir im Standard nutzen, ausgestattet. Weitere Software darf nur in Absprache mit der Gesch\u00e4ftsf\u00fchrung installiert werden.<\/p>\n\n\n\n<ol><li><strong>Passwortrichtlinien<\/strong><\/li><\/ol>\n\n\n\n<p>Um die Zugriffe zu unseren Systemen sicher zu gestalten, ist eine individuelle Authentifizierung notwendig. F\u00fcr diese wurden interne Regelungen getroffen, an die sich alle Beteiligten halten m\u00fcssen.<\/p>\n\n\n\n<ol><li><strong>Technische und organisatorische Ma\u00dfnahmen<\/strong><\/li><\/ol>\n\n\n\n<p>Wir ergreifen alle uns m\u00f6glichen Ma\u00dfnahmen, die nach dem aktuellen Stand der Technik, sowie organisatorisch dazu geeignet sind, um Unbefugten keinen Zugriff auf die bei uns gespeicherten personenbezogenen Daten zu gew\u00e4hren. Dazu f\u00fchren wir separate Aufzeichnungen, um die Anforderungen an die Sicherheit der Datenverarbeitung zu dokumentieren.<\/p>\n\n\n\n<p>Eine \u00dcbermittlung in Drittl\u00e4nder ist zum aktuellen Zeitpunkt nicht geplant.<\/p>\n\n\n\n<ol><li><strong>Rechte von Betroffenen (Art. 12 -23 DSGVO)<\/strong><ol><li>Der Betroffene kann Auskunft dar\u00fcber verlangen, welche personenbezogenen Daten welcher Herkunft \u00fcber ihn zu welchem Zweck gespeichert sind. Falls im Arbeitsverh\u00e4ltnis nach dem jeweils anzuwendenden Arbeitsrecht weitergehende Einsichtsrechte in Unterlagen des Arbeitgebers (z.B. Personalakte) vorgesehen sind, so bleiben diese unber\u00fchrt.<\/li><li>Werden personenbezogene Daten an Dritte \u00fcbermittelt, muss auch \u00fcber die Identit\u00e4t des Empf\u00e4ngers oder \u00fcber die Kategorien von Empf\u00e4ngern Auskunft gegeben werden.<\/li><li>Sollten personenbezogene Daten unrichtig oder unvollst\u00e4ndig sein, kann der Betroffene ihre Berichtigung oder Erg\u00e4nzung verlangen.<\/li><li>Der Betroffene kann der Verarbeitung seiner personenbezogenen Daten zu Zwecken der Werbung oder der Markt\u00ac und Meinungsforschung widersprechen. F\u00fcr diese Zwecke m\u00fcssen die Daten f\u00fcr die Verarbeitung eingeschr\u00e4nkt (gesperrt) werden.<\/li><li>Der Betroffene ist berechtigt, die L\u00f6schung seiner Daten zu verlangen, wenn die Rechtsgrundlage f\u00fcr die Verarbeitung der Daten fehlt oder weggefallen ist. Gleiches gilt f\u00fcr den Fall, dass der Zweck der Datenverarbeitung durch Zeitablauf oder aus anderen Gr\u00fcnden entfallen ist. Bestehende Aufbewahrungspflichten und einer L\u00f6schung entgegenstehende schutzw\u00fcrdige Interessen m\u00fcssen beachtet werden.<\/li><li>Der Betroffene hat ein grunds\u00e4tzliches Widerspruchsrecht gegen die Verarbeitung seiner Daten mit Wirkung auf die Zukunft, das zu ber\u00fccksichtigen ist, wenn sein schutzw\u00fcrdiges Interesse aufgrund einer besonderen pers\u00f6nlichen Situation das Interesse an der Verarbeitung \u00fcberwiegt. Dies gilt nicht, wenn eine Rechtsvorschrift zur Durchf\u00fchrung der Verarbeitung verpflichtet.<\/li><li>Der Betroffene hat ein Recht auf Daten\u00fcbertragbarkeit. Das bedeutet das Recht, die personenbezogenen Daten in einem strukturierten, g\u00e4ngigen und maschinenlesbaren Format zu erhalten. Freiheiten und Rechte anderer Personen d\u00fcrfen hierdurch nicht beeintr\u00e4chtigt werden.<\/li><li>Der Betroffene hat ein Beschwerderecht bei der Aufsichtsbeh\u00f6rde, in deren Bundesland das Unternehmen seinen Sitz hat. Die Kontaktdaten finden Sie zu Beginn der Beschreibung unserer Datenschutzorganisation.<\/li><\/ol><\/li><li><strong>Verfahren bei \u201eDatenpannen\u201c (Art. 33 DSGVO)<\/strong><\/li><\/ol>\n\n\n\n<p>Jeder Mitarbeiter soll seinem jeweiligen Vorgesetzten, der Gesch\u00e4ftsf\u00fchrung oder dem DSB unverz\u00fcglich F\u00e4lle von Verst\u00f6\u00dfen gegen diese Datenschutzrichtlinie oder andere Vorschriften zum Schutz personenbezogener Daten (Datenschutzvorf\u00e4lle) melden. Die verantwortliche F\u00fchrungskraft ist verpflichtet, den DSB umgehend \u00fcber Datenschutzvorf\u00e4lle zu unterrichten.<\/p>\n\n\n\n<p>In F\u00e4llen von unrechtm\u00e4\u00dfiger \u00dcbermittlung personenbezogener Daten an Dritte, unrechtm\u00e4\u00dfigem Zugriff durch Dritte auf personenbezogene Daten, oder bei Verlust personenbezogener Daten sind die im Unternehmen vorgesehenen Meldungen unverz\u00fcglich vorzunehmen, damit nach staatlichem Recht bestehende Meldepflichten von Datenschutzvorf\u00e4llen erf\u00fcllt werden k\u00f6nnen.<\/p>\n\n\n\n<p><strong>Erkl\u00e4rung zum Schutz Ihrer Daten beim Besuch unserer Homepage<\/strong><\/p>\n\n\n\n<ol><li><strong>Formulare<\/strong><\/li><\/ol>\n\n\n\n<p>Auf unserer Internetseite k\u00f6nnen Sie f\u00fcr die elektronische Kontaktaufnahme das Kontaktformular nutzen. Geben Sie Ihre pers\u00f6nlichen Daten wie beispielsweise Name, Geburtsdatum, Anschrift, Bankverbindung oder sonstige Daten z.B. zur Erstellung eines Angebots oder Meldung eines Schaden in ein Formular ein, werden diese von uns gespeichert und ausschlie\u00dflich zu diesen Zwecken verarbeitet.<br>Pers\u00f6nliche Daten \u00fcber Minderj\u00e4hrige erheben wir wissentlich nur bei Erziehungsberechtigten und nur, wenn und soweit die personenbezogene Verarbeitung und Nutzung zur Erf\u00fcllung eines Vertragsverh\u00e4ltnisses erforderlich ist.<\/p>\n\n\n\n<ol><li><strong>Einbindung und Verwendung von Inhalten Dritter<\/strong><\/li><\/ol>\n\n\n\n<p>In unserer Webseite k\u00f6nnen Inhalte von Dritten, insbesondere Angebotsprogramme, Vergleichsrechner und Produktangebote z. B. von Versicherern eingebunden sein. Diese Inhalte k\u00f6nnen im Design unseres Internetauftritts sein.<br>F\u00fcr diese Inhalte gelten die Datenschutzerkl\u00e4rungen des Dritten, welche an der entsprechenden Stelle verlinkt sind, bzw. im Internetauftritt des Dritten ersichtlich sind.<\/p>\n\n\n\n<ol><li><strong>Server-Log-Dateien<\/strong><\/li><\/ol>\n\n\n\n<p>Der Provider der Seiten erhebt und speichert automatisch Informationen in so genannten Server-Log-Dateien, die Ihr Browser automatisch an uns \u00fcbermittelt. Dies sind:<\/p>\n\n\n\n<ul><li>Browsertyp und Browserversion<\/li><li>verwendetes Betriebssystem<\/li><li>Referier URL<\/li><li>Hostname des zugreifenden Rechners<\/li><li>Uhrzeit der Serveranfrage<\/li><li>IP-Adresse<\/li><\/ul>\n\n\n\n<p>Eine Zusammenf\u00fchrung dieser Daten mit anderen Datenquellen wird nicht vorgenommen.<br>Grundlage f\u00fcr die Datenverarbeitung ist Art. 6 Abs. 1 lit. &nbsp;DSGVO, der die Verarbeitung von Daten zur Erf\u00fcllung eines Vertrags oder vorvertraglicher Ma\u00dfnahmen gestattet.<\/p>\n\n\n\n<p><strong>Einwilligungserkl\u00e4rung zur Datenverarbeitung und Kontaktaufnahme<\/strong><\/p>\n\n\n\n<p>Um f\u00fcr Sie t\u00e4tig werden zu k\u00f6nnen, m\u00fcssen wir Daten von Ihnen erfassen, speichern und an Dritte weitergeben. Dies tun wir beispielsweise, wenn wir Ihre Risikosituation erfassen und diese Daten an verschiedene Versicherer weitergeben, um f\u00fcr Sie passende Angebote zu erhalten. Hierzu nutzen wir auch sogenannte Maklerdienstleister.<br>Oft ist es auch erforderlich, dass wir Sie betreffende Daten von Dritten anfordern. In erster Linie sind dies Versicherer, aber auch Daten von \u00c4rzten, Steuerberatern oder Rechtsanw\u00e4lten und Auskunfteien k\u00f6nnen beispielsweise erforderlich sein.<br>Gesundheitsdaten werden ausschlie\u00dflich erhoben, soweit es f\u00fcr die Vermittlung von Lebens-, Kranken- oder Unfallversicherungen (Personenversicherungen) erforderlich ist, bzw. bei der Abwicklung von Leistungs- und Schadenf\u00e4llen.<br>Sie k\u00f6nnen diese Einwilligungen jeweils einzeln erteilen und&nbsp;<strong><em>jederzeit mit Wirkung f\u00fcr die Zukunft widerrufen.<\/em><\/strong><br>Beachten Sie bitte, dass wir dann ggfs. nicht mehr f\u00fcr Sie t\u00e4tig sein k\u00f6nnen.<\/p>\n\n\n\n<p><strong>Weiterreichende Informationen entnehmen Sie bitte unserer Datenschutzrichtlinie mit Gesch\u00e4ftspartnerliste.<\/strong><\/p>\n\n\n\n<p><strong>Einwilligung zur Erfassung und Anforderung von Daten<\/strong><br>Sie willigen ein, dass wir Daten \u2013 auch Gesundheitsdaten* \u2013 von Ihnen erheben und von Dritten anfordern. Sofern wir Gesundheitsdaten von \u00c4rzten anfordern, werden wir Sie zuvor dar\u00fcber informieren.<\/p>\n\n\n\n<p><strong>Einwilligung zur Speicherung von Daten<\/strong><br>Sie willigen ein, dass wir die erfassten und angeforderten Daten im erforderlichen Umfang speichern und verarbeiten bzw. von berechtigten Dritten speichern und verarbeiten lassen.<\/p>\n\n\n\n<p><strong>Einwilligung zur Weitergabe von Daten<\/strong><br>Sie willigen ein, dass wir Daten \u0096 auch Gesundheitsdaten* \u2013 im erforderlichen Rahmen unserer Maklert\u00e4tigkeit an Dritte weitergeben. Dritte sind hier beispielsweise Versicherer, Maklerdienstleister, Werkst\u00e4tten, Gutachter oder sonstige Dienstleister. Eine \u00dcbersicht potenzieller Empf\u00e4nger k\u00f6nnen Sie der Gesch\u00e4ftspartner\u00fcbersicht entnehmen. Auf Anfrage erhalten Sie selbstverst\u00e4ndlich auch Auskunft, an wen tats\u00e4chlich Sie betreffende Daten von uns \u00fcbermittelt wurden.<\/p>\n\n\n\n<p><strong>Einwilligung zur Kontaktaufnahme<\/strong><br>Kundeninformation ist ein Bestandteil unserer Arbeit. Sie haben die M\u00f6glichkeit der elektronischen Kontaktaufnahme \u00fcber die Formulare genutzt und erwarten eine R\u00fcckmeldung zu Ihrer Anfrage, wozu wir die \u00fcbermittelten Kontaktdaten nutzen werden. Deshalb ben\u00f6tigen wir Ihr Einverst\u00e4ndnis um unsere T\u00e4tigkeit aus\u00fcben zu k\u00f6nnen.<\/p>\n\n\n\n<p><strong>\u00c4nderungen innerhalb der Datenschutz-Richtlinie<\/strong><\/p>\n\n\n\n<p>Wir behalten uns vor, die Datenschutz-Richtlinie bei Bedarf anzupassen, damit diese den aktuellen rechtlichen und technischen Anforderungen entspricht. Diese gelten dann bei einem erneuten Besuch. Auf eine \u00c4nderung weisen wir durch den Revisionsstand hin.<\/p>\n","protected":false},"excerpt":{"rendered":"<p>der MS Richter UG (haftungsbeschr\u00e4nkt) Winklerstr. 1609669 Frankenberg Telefon: 037206 569 406Telefax: 037206 569 064 Mobil: 0172 982 5901kontakt@makler2018.de Soweit wir nach Ma\u00dfgabe der Art. 37 \u2013 39 DSGVO\/ \u00a7 38 BDSG neu einen\u00a0Datenschutzbeauftragten\u00a0benannt haben, handelt es sich um Mario Richter, Winklerstr. 1609669 Frankenberg, Telefon: 037206 569 406, Email: msrichterug@web.de Dieser nimmt die ihm aus &hellip; <\/p>\n<p class=\"link-more\"><a href=\"http:\/\/mmakler.de\/?page_id=7\" class=\"more-link\"><span class=\"screen-reader-text\">\u201eDatenschutzerkl\u00e4rung\u201c<\/span> weiterlesen<\/a><\/p>\n","protected":false},"author":1,"featured_media":0,"parent":0,"menu_order":0,"comment_status":"closed","ping_status":"closed","template":"","meta":[],"_links":{"self":[{"href":"http:\/\/mmakler.de\/index.php?rest_route=\/wp\/v2\/pages\/7"}],"collection":[{"href":"http:\/\/mmakler.de\/index.php?rest_route=\/wp\/v2\/pages"}],"about":[{"href":"http:\/\/mmakler.de\/index.php?rest_route=\/wp\/v2\/types\/page"}],"author":[{"embeddable":true,"href":"http:\/\/mmakler.de\/index.php?rest_route=\/wp\/v2\/users\/1"}],"replies":[{"embeddable":true,"href":"http:\/\/mmakler.de\/index.php?rest_route=%2Fwp%2Fv2%2Fcomments&post=7"}],"version-history":[{"count":8,"href":"http:\/\/mmakler.de\/index.php?rest_route=\/wp\/v2\/pages\/7\/revisions"}],"predecessor-version":[{"id":179,"href":"http:\/\/mmakler.de\/index.php?rest_route=\/wp\/v2\/pages\/7\/revisions\/179"}],"wp:attachment":[{"href":"http:\/\/mmakler.de\/index.php?rest_route=%2Fwp%2Fv2%2Fmedia&parent=7"}],"curies":[{"name":"wp","href":"https:\/\/api.w.org\/{rel}","templated":true}]}}